{"id":317,"date":"2016-05-08T21:51:21","date_gmt":"2016-05-08T19:51:21","guid":{"rendered":"http:\/\/nadine-gottmann.com\/?page_id=317"},"modified":"2022-11-07T12:30:20","modified_gmt":"2022-11-07T11:30:20","slug":"wir-sind-die-flut","status":"publish","type":"page","link":"https:\/\/nadine-gottmann.com\/index.php\/split-sections\/wir-sind-die-flut\/","title":{"rendered":"Wir sind die Flut"},"content":{"rendered":"<\/div><div class=\"split-section clearfix\"><div class=\"split-left split-onethird text-light\"><div class=\"split-fullsize-content vertical-center\"><\/div><div class=\"split-bg \" style=\"background:url(http:\/\/nadine-gottmann.com\/wp-content\/uploads\/2016\/05\/HK_WSDF_01.jpg) center center; background-size:cover;\" ><\/div><\/div> <!-- END .split-left --><div class=\"split-right split-twothird text-light\"><div class=\"split-wrapped-content vertical-center\">\n<h2><h4 class=\"  align-left\" data-bigletter=\"\"><strong>WIR SIND DIE FLUT<\/strong><\/h4><\/h2>\n<h5><div class=\"separator-small align-left\"><span><\/span><\/div><\/h5>\n<p><em>Vor 20 Jahren ist vor der K\u00fcste von Windholm das Meer verschwunden, an einem Morgen, einfach so. Seitdem strahlt die Leere auf die Umgebung aus, wirft Fragen auf, bereitet Unbehagen. Die Ursache f\u00fcr das Ph\u00e4nomen ist bis heute ungekl\u00e4rt.<\/em><\/p>\n<p><em>Zwei junge Physiker machen sich auf, das Geheimnis zu l\u00fcften. Sie treffen auf eine erstarrte Dorfgemeinschaft, auf das einzig \u00fcbrig gebliebene Kind &#8211; und auf ihre eigene Vergangenheit, die sie lange verdr\u00e4ngt haben.<\/em><\/p>\n<p>Weitere Infos auf der <a href=\"http:\/\/www.wirsinddieflut.de\">Webseite<\/a>.<\/p>\n<p><em>\u00a0<\/em><div class=\"separator-small align-left\"><span><\/span><\/div>\n<p><em>Kinofilm \/\/ R: Sebastian Hilger \/\/ 85 min \/\/ Rundfunk Berlin-Brandenburg \/\/ 2016<br \/>\n<\/em><\/p>\n<p>Premiere: 66. Berlinale Sektion Perspektive Deutsches Kino<br \/>\nSehs\u00fcchte 2016 \/ Nominiert f\u00fcr den Produzentenpreis<br \/>\nNominiert f\u00fcr den Studio Hamburg Nachwuchspreis\/Beste Produktion<br \/>\nNominiert f\u00fcr den First Steps Award\/Abendf\u00fcllender Spielfilm und Kamerapreis<br \/>\nWettbewerb Filmkunstfest Mecklenburg-Vorpommern 2016<br \/>\nWettbewerb Filmfest Emden-Norderney 2016<br \/>\nWettbewerb\u00a0Festival des Deutschen Films Ludwigshafen 2016<br \/>\nPublikumspreis beim Torino Film Fest 2016<br \/>\nAchille Valdata Award beim Torino Film Fest 2016<\/p>\n<p><a href=\"http:\/\/hofer-filmtage.com\/festivalfilme\/marder\/\" target=\"_blank\"><img loading=\"lazy\" decoding=\"async\" class=\"alignnone wp-image-212 size-full\" src=\"http:\/\/nadine-gottmann.com\/wp-content\/uploads\/2016\/05\/66_IFB_Perspektive_Dt_Kino_bw-1-300x120.png\" alt=\"66_IFB_Perspektive_Dt_Kino_bw-1-300x120\" width=\"150\" height=\"60\" \/><\/a><a href=\"http:\/\/hofer-filmtage.com\/festivalfilme\/marder\/\" target=\"_blank\"><img loading=\"lazy\" decoding=\"async\" class=\"alignnone size-full wp-image-177\" src=\"http:\/\/nadine-gottmann.com\/wp-content\/uploads\/2015\/02\/studio-hamburg_white-1.png\" alt=\"studio-hamburg_white-1\" width=\"150\" height=\"150\" \/> <img loading=\"lazy\" decoding=\"async\" class=\"alignnone size-full wp-image-176\" src=\"http:\/\/nadine-gottmann.com\/wp-content\/uploads\/2015\/02\/Sehs\u00fcchte-Nominated_white-1.png\" alt=\"Sehs\u00fcchte-Nominated_white-1\" width=\"150\" height=\"150\" \/><\/a><\/p>\n<p>&nbsp;<\/p>\n<\/div><div class=\"split-bg\" style=\"background:#020202;\"><\/div><\/div> <!-- END .split-right --><\/div> <!-- END .split-section --><div class=\"wrapper\">\n","protected":false},"excerpt":{"rendered":"","protected":false},"author":1,"featured_media":0,"parent":94,"menu_order":0,"comment_status":"closed","ping_status":"closed","template":"","meta":{"footnotes":""},"class_list":["post-317","page","type-page","status-publish","hentry"],"_links":{"self":[{"href":"https:\/\/nadine-gottmann.com\/index.php\/wp-json\/wp\/v2\/pages\/317","targetHints":{"allow":["GET"]}}],"collection":[{"href":"https:\/\/nadine-gottmann.com\/index.php\/wp-json\/wp\/v2\/pages"}],"about":[{"href":"https:\/\/nadine-gottmann.com\/index.php\/wp-json\/wp\/v2\/types\/page"}],"author":[{"embeddable":true,"href":"https:\/\/nadine-gottmann.com\/index.php\/wp-json\/wp\/v2\/users\/1"}],"replies":[{"embeddable":true,"href":"https:\/\/nadine-gottmann.com\/index.php\/wp-json\/wp\/v2\/comments?post=317"}],"version-history":[{"count":15,"href":"https:\/\/nadine-gottmann.com\/index.php\/wp-json\/wp\/v2\/pages\/317\/revisions"}],"predecessor-version":[{"id":405,"href":"https:\/\/nadine-gottmann.com\/index.php\/wp-json\/wp\/v2\/pages\/317\/revisions\/405"}],"up":[{"embeddable":true,"href":"https:\/\/nadine-gottmann.com\/index.php\/wp-json\/wp\/v2\/pages\/94"}],"wp:attachment":[{"href":"https:\/\/nadine-gottmann.com\/index.php\/wp-json\/wp\/v2\/media?parent=317"}],"curies":[{"name":"wp","href":"https:\/\/api.w.org\/{rel}","templated":true}]}}